{"id":6876,"date":"2026-08-10T11:27:57","date_gmt":"2026-08-10T08:27:57","guid":{"rendered":"https:\/\/integramedikal.com\/magaza\/?post_type=product&#038;p=6876"},"modified":"2026-08-10T11:38:00","modified_gmt":"2026-08-10T08:38:00","slug":"caretta-buggy","status":"publish","type":"product","link":"https:\/\/integramedikal.com\/magaza\/urun\/caretta-buggy\/","title":{"rendered":"Caretta Buggy"},"content":{"rendered":"<h2 class=\"ps-title\">Detaylar<\/h2>\n<table border=\"1\" cellspacing=\"0\" cellpadding=\"8\">\n<tbody>\n<tr>\n<td>SIZE 1<\/td>\n<td>Kullan\u0131c\u0131 Boyu<\/td>\n<td>90 &#8211; 130 cm<\/td>\n<\/tr>\n<tr>\n<td>SIZE 2<\/td>\n<td>Kullan\u0131c\u0131 Boyu<\/td>\n<td>130 &#8211; 160 cm<\/td>\n<\/tr>\n<\/tbody>\n<\/table>\n<table border=\"1\" cellspacing=\"0\" cellpadding=\"8\">\n<thead>\n<tr>\n<th>\u00d6zellik<\/th>\n<th>Sembol<\/th>\n<th>Size 1<\/th>\n<th>Size 2<\/th>\n<\/tr>\n<\/thead>\n<tbody>\n<tr>\n<td>S\u0131rt Y\u00fcksekli\u011fi<\/td>\n<td>BH<\/td>\n<td>55\u00f775 cm<\/td>\n<td>55\u00f775 cm<\/td>\n<\/tr>\n<tr>\n<td>S\u0131rt Destek A\u00e7\u0131s\u0131<\/td>\n<td>BA<\/td>\n<td>90\u00b0\u00f7120\u00b0<\/td>\n<td>90\u00b0\u00f7120\u00b0<\/td>\n<\/tr>\n<tr>\n<td>G\u00f6\u011f\u00fcs Destek Uzunlu\u011fu<\/td>\n<td>LH<\/td>\n<td>12\u00f742 cm<\/td>\n<td>12\u00f742 cm<\/td>\n<\/tr>\n<tr>\n<td>G\u00f6\u011f\u00fcs Destekleri Aras\u0131 Mesafe<\/td>\n<td>LR<\/td>\n<td>17\u00f730 cm<\/td>\n<td>22\u00f735 cm<\/td>\n<\/tr>\n<tr>\n<td>Ba\u015f Destekleri Aras\u0131 Mesafe<\/td>\n<td>HR<\/td>\n<td>12\u00f721 cm<\/td>\n<td>12\u00f721 cm<\/td>\n<\/tr>\n<tr>\n<td>Ayak Dayana\u011f\u0131 Y\u00fcksekli\u011fi<\/td>\n<td>FH<\/td>\n<td>28\u00f739 cm<\/td>\n<td>33\u00f750 cm<\/td>\n<\/tr>\n<tr>\n<td>Ayak Dayana\u011f\u0131 Uzunlu\u011fu<\/td>\n<td>FL<\/td>\n<td>23 cm<\/td>\n<td>23 cm<\/td>\n<\/tr>\n<tr>\n<td>Ayak Dayana\u011f\u0131 Ayarlama A\u00e7\u0131s\u0131<\/td>\n<td>FA<\/td>\n<td>0\u00b0\u00f790\u00b0<\/td>\n<td>0\u00b0\u00f790\u00b0<\/td>\n<\/tr>\n<tr>\n<td>Ayak Dayana\u011f\u0131 Montaj A\u00e7\u0131s\u0131<\/td>\n<td>FA1<\/td>\n<td>-20\u00b0\u00f720\u00b0<\/td>\n<td>-20\u00b0\u00f720\u00b0<\/td>\n<\/tr>\n<tr>\n<td>Taban Uzunlu\u011fu<\/td>\n<td>BL<\/td>\n<td>113 cm<\/td>\n<td>113 cm<\/td>\n<\/tr>\n<tr>\n<td>Taban Geni\u015fli\u011fi<\/td>\n<td>BW<\/td>\n<td>64 cm<\/td>\n<td>69 cm<\/td>\n<\/tr>\n<tr>\n<td>\u00d6n Tekerlek \u00c7ap\u0131<\/td>\n<td>WDF<\/td>\n<td>19 cm<\/td>\n<td>19 cm<\/td>\n<\/tr>\n<tr>\n<td>Arka Tekerlek \u00c7ap\u0131<\/td>\n<td>WDR<\/td>\n<td>31 cm<\/td>\n<td>31 cm<\/td>\n<\/tr>\n<tr>\n<td>Tutma Kolu Y\u00fcksekli\u011fi<\/td>\n<td>HH<\/td>\n<td>70\u00f7113 cm<\/td>\n<td>70\u00f7113 cm<\/td>\n<\/tr>\n<tr>\n<td>Katlanm\u0131\u015f Y\u00fckseklik (Tekerleksiz)<\/td>\n<td>HH1<\/td>\n<td>52 cm<\/td>\n<td>52 cm<\/td>\n<\/tr>\n<tr>\n<td>Katlanm\u0131\u015f Geni\u015flik (Tekerleksiz)<\/td>\n<td>BW1<\/td>\n<td>61 cm<\/td>\n<td>66 cm<\/td>\n<\/tr>\n<tr>\n<td>Katlanm\u0131\u015f Uzunluk (Tekerleksiz)<\/td>\n<td>BL1<\/td>\n<td>94 cm<\/td>\n<td>94 cm<\/td>\n<\/tr>\n<tr>\n<td>Katlanm\u0131\u015f Y\u00fckseklik (Tekerlekli)<\/td>\n<td>HH2<\/td>\n<td>57 cm<\/td>\n<td>57 cm<\/td>\n<\/tr>\n<tr>\n<td>Katlanm\u0131\u015f Geni\u015flik (Tekerlekli)<\/td>\n<td>BW2<\/td>\n<td>63 cm<\/td>\n<td>63 cm<\/td>\n<\/tr>\n<tr>\n<td>Katlanm\u0131\u015f Uzunluk (Tekerlekli)<\/td>\n<td>BL2<\/td>\n<td>97 cm<\/td>\n<td>97 cm<\/td>\n<\/tr>\n<tr>\n<td>Maksimum Kullan\u0131c\u0131 A\u011f\u0131rl\u0131\u011f\u0131<\/td>\n<td>&#8211;<\/td>\n<td>55 kg<\/td>\n<td>60 kg<\/td>\n<\/tr>\n<tr>\n<td>Buggy A\u011f\u0131rl\u0131\u011f\u0131<\/td>\n<td>&#8211;<\/td>\n<td>23 kg<\/td>\n<td>24 kg<\/td>\n<\/tr>\n<\/tbody>\n<\/table>\n<p>Caretta Buggy, 130 cm ile 160 cm (4&#8217;3&#8243; &#8211; 5&#8217;3&#8243;) aras\u0131ndaki \u00e7ocuk ve gen\u00e7lerin ta\u015f\u0131nmas\u0131 i\u00e7in tasarlanm\u0131\u015f Uyarlanabilir bir Bebek Arabas\u0131d\u0131r. Yard\u0131m almaks\u0131z\u0131n do\u011fru hareket edip oturma yetene\u011fi olmayan bireylerin g\u00fcnl\u00fck bak\u0131m\u0131n\u0131 kolayla\u015ft\u0131r\u0131r. Bu yeni arabay\u0131 tasarlarken; do\u011fru oturma pozisyonunun psikomotor geli\u015fimin uyar\u0131lmas\u0131 i\u00e7in hayati \u00f6nem ta\u015f\u0131d\u0131\u011f\u0131 ve a\u00e7\u0131k alanda rahat ve g\u00fcvenli hareket edebilmenin hem hastalar hem de bak\u0131c\u0131lar\u0131 \u00fczerinde b\u00fcy\u00fck olumlu etkiler yaratt\u0131\u011f\u0131 felsefesini g\u00f6z \u00f6n\u00fcnde bulundurduk. Caretta Buggy&#8217;nin kullan\u0131m\u0131 kolay ve her \u015feyden \u00f6nce ta\u015f\u0131ma s\u0131ras\u0131nda en iyi stabilizasyonu sa\u011flamas\u0131 i\u00e7in gereken t\u00fcm \u00f6zeni g\u00f6sterdik.<\/p>\n<h3>\u00d6zellikler<\/h3>\n<p>Caretta Buggy, yolcunun \u00fcst g\u00f6vdesinin m\u00fckemmel stabilizasyonunu sa\u011flar. G\u00f6\u011f\u00fcs yan destekleri, 5 noktal\u0131 g\u00fcvenlik kemeri, yelek ve pelvis sabitleme kay\u0131\u015flar\u0131; kullan\u0131c\u0131n\u0131n do\u011fru ve rahat ta\u015f\u0131nmas\u0131n\u0131 sa\u011flarken pasif duru\u015f d\u00fczeltmesi de korunmu\u015f olur. Pek \u00e7ok rehabilitasyon merkezinde k\u00fc\u00e7\u00fck \u00e7ocuklarla \u00e7al\u0131\u015fan koltuk sistemi uzmanlar\u0131 olarak, ta\u015f\u0131ma s\u0131ras\u0131nda ba\u015f stabilizasyonunun ne kadar \u00f6nemli oldu\u011funun fark\u0131nday\u0131z. Bu nedenle Caretta Buggy, ba\u015f\u0131n rahat ve g\u00fcvenli bir pozisyonda sabit tutulmas\u0131n\u0131 sa\u011flayan yeni bir ba\u015fl\u0131k sistemiyle donat\u0131lm\u0131\u015ft\u0131r. Ba\u015f yan desteklerinin y\u00fcksekli\u011fi ayarlanabilir.<\/p>\n<p>Elastik kay\u0131\u015flardan olu\u015fan \u00f6zel koltuk yap\u0131s\u0131 sayesinde koltu\u011fun sertli\u011fi ayarlanabilmektedir. Koltuk e\u011fimi de ayarlanabilir olup kova koltuk pozisyonu da mevcuttur.<\/p>\n<p>Araban\u0131n katlanabilir \u00e7er\u00e7evesi h\u0131zl\u0131 katlanma imk\u00e2n\u0131 sa\u011flar. Katland\u0131ktan sonraki kompakt boyutu, arabay\u0131 bir aile otomobilinin bagaj\u0131nda ta\u015f\u0131maya olanak tan\u0131r; \u00e7\u00fcnk\u00fc her bireyin seyahat etme ihtiyac\u0131 oldu\u011funun bilincindeyiz.<\/p>\n<h3>Kimler \u0130\u00e7in?<\/h3>\n<table border=\"1\" cellspacing=\"0\" cellpadding=\"8\">\n<tbody>\n<tr>\n<td><\/td>\n<td>Caretta Buggy t\u0131bbi \u00fcr\u00fcn\u00fc, maksimum 55 kg a\u011f\u0131rl\u0131\u011f\u0131nda, parezi, tetrapleji veya tripleji, dipleji ya da hemipleji tan\u0131s\u0131 alm\u0131\u015f \u00e7ocuk ve gen\u00e7ler i\u00e7in tasarlanm\u0131\u015ft\u0131r.<\/p>\n<p>A\u015fa\u011f\u0131daki durumlar i\u00e7in m\u00fckemmel bir \u00fcr\u00fcnd\u00fcr:<\/p>\n<ul>\n<li>Serebral palsi<\/li>\n<li>Musk\u00fcler distrofiler<\/li>\n<li>\u00c7e\u015fitli fel\u00e7 t\u00fcrleri<\/li>\n<li>Spina bifida<\/li>\n<li>Miyelomeningosel<\/li>\n<li>Omurga yaralanmas\u0131 sonras\u0131 durumlar<\/li>\n<li>Kafa-beyin travmas\u0131 sonras\u0131 durumlar<\/li>\n<li>\u0130nme sonras\u0131 durumlar<\/li>\n<li>Ba\u015fka y\u00f6ntemlerle tedavi edilemeyen skolyoz ba\u015fta olmak \u00fczere duru\u015f bozukluklar\u0131<\/li>\n<\/ul>\n<\/td>\n<\/tr>\n<\/tbody>\n<\/table>\n<h3>Aksesuarlar<\/h3>\n<table border=\"1\" cellspacing=\"0\" cellpadding=\"8\">\n<tbody>\n<tr>\n<td><img decoding=\"async\" data-src=\"https:\/\/liwcare.pl\/images\/com_droppics\/1424\/thumbnails\/caretta_buggy_a_spiworek.png?1770298443\" alt=\"Uyku tulumu\" src=\"data:image\/svg+xml;base64,PHN2ZyB3aWR0aD0iMSIgaGVpZ2h0PSIxIiB4bWxucz0iaHR0cDovL3d3dy53My5vcmcvMjAwMC9zdmciPjwvc3ZnPg==\" class=\"lazyload\" \/><strong>Uyku Tulumu<\/strong><\/p>\n<p>R\u00fczgar ve so\u011fuk havaya kar\u015f\u0131 renkli, rahat ve s\u0131cak koruma.<\/td>\n<td><img decoding=\"async\" data-src=\"https:\/\/liwcare.pl\/images\/com_droppics\/1424\/thumbnails\/pasy.jpg?1770298443\" alt=\"Abd\u00fcktif kemerler\" src=\"data:image\/svg+xml;base64,PHN2ZyB3aWR0aD0iMSIgaGVpZ2h0PSIxIiB4bWxucz0iaHR0cDovL3d3dy53My5vcmcvMjAwMC9zdmciPjwvc3ZnPg==\" class=\"lazyload\" \/><strong>Abd\u00fcktif Kemerler<\/strong><\/p>\n<p>Optimum bacak hizalamas\u0131.<\/td>\n<td><img decoding=\"async\" data-src=\"https:\/\/liwcare.pl\/images\/com_droppics\/1424\/thumbnails\/podnozek.jpg?1770298443\" alt=\"Ayak dayana\u011f\u0131\" src=\"data:image\/svg+xml;base64,PHN2ZyB3aWR0aD0iMSIgaGVpZ2h0PSIxIiB4bWxucz0iaHR0cDovL3d3dy53My5vcmcvMjAwMC9zdmciPjwvc3ZnPg==\" class=\"lazyload\" \/><strong>Ayak Dayana\u011f\u0131<\/strong><\/p>\n<p>Ayak dayana\u011f\u0131n\u0131n y\u00fcksekli\u011fi ayarlanabilir.<\/td>\n<td><img decoding=\"async\" data-src=\"https:\/\/liwcare.pl\/images\/com_droppics\/1424\/thumbnails\/zaglowki.jpg?1770298443\" alt=\"Ba\u015fl\u0131k\" src=\"data:image\/svg+xml;base64,PHN2ZyB3aWR0aD0iMSIgaGVpZ2h0PSIxIiB4bWxucz0iaHR0cDovL3d3dy53My5vcmcvMjAwMC9zdmciPjwvc3ZnPg==\" class=\"lazyload\" \/><strong>Ba\u015fl\u0131k<\/strong><\/p>\n<p>Ta\u015f\u0131ma s\u0131ras\u0131nda rahat ve g\u00fcvenli ba\u015f stabilizasyonu sa\u011flar.<\/td>\n<\/tr>\n<\/tbody>\n<\/table>\n<p><iframe title=\"Caretta Buggy\" data-src=\"https:\/\/www.youtube-nocookie.com\/embed\/fXVSGxCDtGo\" width=\"750\" height=\"450\" frameborder=\"0\" allowfullscreen=\"allowfullscreen\" data-mce-fragment=\"1\" src=\"data:image\/svg+xml;base64,PHN2ZyB3aWR0aD0iMSIgaGVpZ2h0PSIxIiB4bWxucz0iaHR0cDovL3d3dy53My5vcmcvMjAwMC9zdmciPjwvc3ZnPg==\" data-load-mode=\"0\"><span data-mce-type=\"bookmark\" style=\"display: inline-block; width: 0px; overflow: hidden; line-height: 0;\" class=\"mce_SELRES_start lazyload\">\ufeff<\/span><\/iframe><\/p>\n","protected":false},"excerpt":{"rendered":"<p>Detaylar SIZE 1 Kullan\u0131c\u0131 Boyu 90 &#8211; 130 cm SIZE 2 Kullan\u0131c\u0131 Boyu 130 &#8211; 160 cm \u00d6zellik Sembol Size 1 Size 2 S\u0131rt Y\u00fcksekli\u011fi BH 55\u00f775 cm 55\u00f775 cm S\u0131rt Destek A\u00e7\u0131s\u0131 BA 90\u00b0\u00f7120\u00b0 90\u00b0\u00f7120\u00b0 G\u00f6\u011f\u00fcs Destek Uzunlu\u011fu LH 12\u00f742 cm 12\u00f742 cm G\u00f6\u011f\u00fcs Destekleri Aras\u0131 Mesafe LR 17\u00f730 cm 22\u00f735 cm Ba\u015f Destekleri [&hellip;]<\/p>\n","protected":false},"featured_media":6877,"comment_status":"open","ping_status":"closed","template":"","meta":[],"product_brand":[],"product_cat":[1257],"product_tag":[1267,1270,1258,1261,1278,1262,1279,1259,1260,1280,1272,1266,1276,1275,1268,1273,1265,1271,1263,1264,1269,1274,1277],"class_list":["post-6876","product","type-product","status-publish","has-post-thumbnail","product_cat-pusetler","product_tag-adaptif-cocuk-puseti","product_tag-bas-destekli-cocuk-puseti","product_tag-caretta-buggy","product_tag-caretta-buggy-engelli-cocuk-puseti","product_tag-caretta-buggy-fiyati","product_tag-caretta-buggy-medikal-puset","product_tag-caretta-buggy-ozellikleri","product_tag-caretta-buggy-puset","product_tag-caretta-buggy-rehabilitasyon-puseti","product_tag-caretta-buggy-turkiye-distributoru","product_tag-cocuk-tekerlekli-sandalyesi","product_tag-engelli-cocuk-arabasi","product_tag-hemipleji-puseti","product_tag-kas-distrofisi-puseti","product_tag-katlanabilir-rehabilitasyon-puseti","product_tag-norolojik-rehabilitasyon-puseti","product_tag-ozel-gereksinimli-cocuk-puseti","product_tag-pediatrik-pozisyonlama-sistemi","product_tag-pediatrik-rehabilitasyon-puseti","product_tag-serebral-palsi-puseti","product_tag-skolyoz-destekli-puset","product_tag-spina-bifida-puseti","product_tag-tetrapleji-puseti","first","instock","sale","taxable","shipping-taxable","purchasable","product-type-simple"],"yoast_head":"<!-- This site is optimized with the Yoast SEO plugin v28.3 - https:\/\/yoast.com\/product\/yoast-seo-wordpress\/ -->\n<title>Caretta Buggy - \u0130ntegra Medikal | | Ma\u011faza<\/title>\n<meta name=\"description\" content=\"Caretta Buggy, 130 cm ile 160 cm (4&#039;3&quot; - 5&#039;3&quot;) aras\u0131ndaki \u00e7ocuk ve gen\u00e7lerin ta\u015f\u0131nmas\u0131 i\u00e7in tasarlanm\u0131\u015f Uyarlanabilir bir Bebek Arabas\u0131d\u0131r. Yard\u0131m almaks\u0131z\u0131n do\u011fru hareket edip oturma yetene\u011fi olmayan bireylerin g\u00fcnl\u00fck bak\u0131m\u0131n\u0131 kolayla\u015ft\u0131r\u0131r. Bu yeni arabay\u0131 tasarlarken; do\u011fru oturma pozisyonunun psikomotor geli\u015fimin uyar\u0131lmas\u0131 i\u00e7in hayati \u00f6nem ta\u015f\u0131d\u0131\u011f\u0131 ve a\u00e7\u0131k alanda rahat ve g\u00fcvenli hareket edebilmenin hem hastalar hem de bak\u0131c\u0131lar\u0131 \u00fczerinde b\u00fcy\u00fck olumlu etkiler yaratt\u0131\u011f\u0131 felsefesini g\u00f6z \u00f6n\u00fcnde bulundurduk. Caretta Buggy&#039;nin kullan\u0131m\u0131 kolay ve her \u015feyden \u00f6nce ta\u015f\u0131ma s\u0131ras\u0131nda en iyi stabilizasyonu sa\u011flamas\u0131 i\u00e7in gereken t\u00fcm \u00f6zeni g\u00f6sterdik.\" \/>\n<meta name=\"robots\" content=\"index, follow, max-snippet:-1, max-image-preview:large, max-video-preview:-1\" \/>\n<link rel=\"canonical\" href=\"https:\/\/integramedikal.com\/magaza\/urun\/caretta-buggy\/\" \/>\n<meta property=\"og:locale\" content=\"tr_TR\" \/>\n<meta property=\"og:type\" content=\"article\" \/>\n<meta property=\"og:title\" content=\"Caretta Buggy - \u0130ntegra Medikal | | Ma\u011faza\" \/>\n<meta property=\"og:description\" content=\"Caretta Buggy, 130 cm ile 160 cm (4&#039;3&quot; - 5&#039;3&quot;) aras\u0131ndaki \u00e7ocuk ve gen\u00e7lerin ta\u015f\u0131nmas\u0131 i\u00e7in tasarlanm\u0131\u015f Uyarlanabilir bir Bebek Arabas\u0131d\u0131r. Yard\u0131m almaks\u0131z\u0131n do\u011fru hareket edip oturma yetene\u011fi olmayan bireylerin g\u00fcnl\u00fck bak\u0131m\u0131n\u0131 kolayla\u015ft\u0131r\u0131r. Bu yeni arabay\u0131 tasarlarken; do\u011fru oturma pozisyonunun psikomotor geli\u015fimin uyar\u0131lmas\u0131 i\u00e7in hayati \u00f6nem ta\u015f\u0131d\u0131\u011f\u0131 ve a\u00e7\u0131k alanda rahat ve g\u00fcvenli hareket edebilmenin hem hastalar hem de bak\u0131c\u0131lar\u0131 \u00fczerinde b\u00fcy\u00fck olumlu etkiler yaratt\u0131\u011f\u0131 felsefesini g\u00f6z \u00f6n\u00fcnde bulundurduk. Caretta Buggy&#039;nin kullan\u0131m\u0131 kolay ve her \u015feyden \u00f6nce ta\u015f\u0131ma s\u0131ras\u0131nda en iyi stabilizasyonu sa\u011flamas\u0131 i\u00e7in gereken t\u00fcm \u00f6zeni g\u00f6sterdik.\" \/>\n<meta property=\"og:url\" content=\"https:\/\/integramedikal.com\/magaza\/urun\/caretta-buggy\/\" \/>\n<meta property=\"og:site_name\" content=\"\u0130ntegra Medikal | | Ma\u011faza\" \/>\n<meta property=\"article:publisher\" content=\"https:\/\/www.facebook.com\/integramedikal1\" \/>\n<meta property=\"article:modified_time\" content=\"2026-08-10T08:38:00+00:00\" \/>\n<meta property=\"og:image\" content=\"https:\/\/integramedikal.com\/magaza\/wp-content\/uploads\/2026\/08\/Caretta-Buggy.jpg\" \/>\n\t<meta property=\"og:image:width\" content=\"1080\" \/>\n\t<meta property=\"og:image:height\" content=\"1080\" \/>\n\t<meta property=\"og:image:type\" content=\"image\/jpeg\" \/>\n<meta name=\"twitter:card\" content=\"summary_large_image\" \/>\n<meta name=\"twitter:site\" content=\"@integramedikal\" \/>\n<meta name=\"twitter:label1\" content=\"Tahmini okuma s\u00fcresi\" \/>\n\t<meta name=\"twitter:data1\" content=\"4 dakika\" \/>\n<script type=\"application\/ld+json\" class=\"yoast-schema-graph\">{\"@context\":\"https:\\\/\\\/schema.org\",\"@graph\":[{\"@type\":\"WebPage\",\"@id\":\"https:\\\/\\\/integramedikal.com\\\/magaza\\\/urun\\\/caretta-buggy\\\/\",\"url\":\"https:\\\/\\\/integramedikal.com\\\/magaza\\\/urun\\\/caretta-buggy\\\/\",\"name\":\"Caretta Buggy - \u0130ntegra Medikal | | Ma\u011faza\",\"isPartOf\":{\"@id\":\"https:\\\/\\\/integramedikal.com\\\/magaza\\\/#website\"},\"primaryImageOfPage\":{\"@id\":\"https:\\\/\\\/integramedikal.com\\\/magaza\\\/urun\\\/caretta-buggy\\\/#primaryimage\"},\"image\":{\"@id\":\"https:\\\/\\\/integramedikal.com\\\/magaza\\\/urun\\\/caretta-buggy\\\/#primaryimage\"},\"thumbnailUrl\":\"https:\\\/\\\/integramedikal.com\\\/magaza\\\/wp-content\\\/uploads\\\/2026\\\/08\\\/Caretta-Buggy.jpg\",\"datePublished\":\"2026-08-10T08:27:57+00:00\",\"dateModified\":\"2026-08-10T08:38:00+00:00\",\"description\":\"Caretta Buggy, 130 cm ile 160 cm (4'3\\\" - 5'3\\\") aras\u0131ndaki \u00e7ocuk ve gen\u00e7lerin ta\u015f\u0131nmas\u0131 i\u00e7in tasarlanm\u0131\u015f Uyarlanabilir bir Bebek Arabas\u0131d\u0131r. Yard\u0131m almaks\u0131z\u0131n do\u011fru hareket edip oturma yetene\u011fi olmayan bireylerin g\u00fcnl\u00fck bak\u0131m\u0131n\u0131 kolayla\u015ft\u0131r\u0131r. Bu yeni arabay\u0131 tasarlarken; do\u011fru oturma pozisyonunun psikomotor geli\u015fimin uyar\u0131lmas\u0131 i\u00e7in hayati \u00f6nem ta\u015f\u0131d\u0131\u011f\u0131 ve a\u00e7\u0131k alanda rahat ve g\u00fcvenli hareket edebilmenin hem hastalar hem de bak\u0131c\u0131lar\u0131 \u00fczerinde b\u00fcy\u00fck olumlu etkiler yaratt\u0131\u011f\u0131 felsefesini g\u00f6z \u00f6n\u00fcnde bulundurduk. Caretta Buggy'nin kullan\u0131m\u0131 kolay ve her \u015feyden \u00f6nce ta\u015f\u0131ma s\u0131ras\u0131nda en iyi stabilizasyonu sa\u011flamas\u0131 i\u00e7in gereken t\u00fcm \u00f6zeni g\u00f6sterdik.\",\"breadcrumb\":{\"@id\":\"https:\\\/\\\/integramedikal.com\\\/magaza\\\/urun\\\/caretta-buggy\\\/#breadcrumb\"},\"inLanguage\":\"tr\",\"potentialAction\":[{\"@type\":\"ReadAction\",\"target\":[\"https:\\\/\\\/integramedikal.com\\\/magaza\\\/urun\\\/caretta-buggy\\\/\"]}]},{\"@type\":\"ImageObject\",\"inLanguage\":\"tr\",\"@id\":\"https:\\\/\\\/integramedikal.com\\\/magaza\\\/urun\\\/caretta-buggy\\\/#primaryimage\",\"url\":\"https:\\\/\\\/integramedikal.com\\\/magaza\\\/wp-content\\\/uploads\\\/2026\\\/08\\\/Caretta-Buggy.jpg\",\"contentUrl\":\"https:\\\/\\\/integramedikal.com\\\/magaza\\\/wp-content\\\/uploads\\\/2026\\\/08\\\/Caretta-Buggy.jpg\",\"width\":1080,\"height\":1080},{\"@type\":\"BreadcrumbList\",\"@id\":\"https:\\\/\\\/integramedikal.com\\\/magaza\\\/urun\\\/caretta-buggy\\\/#breadcrumb\",\"itemListElement\":[{\"@type\":\"ListItem\",\"position\":1,\"name\":\"Anasayfa\",\"item\":\"https:\\\/\\\/integramedikal.com\\\/magaza\\\/anasayfa\\\/\"},{\"@type\":\"ListItem\",\"position\":2,\"name\":\"Shop\",\"item\":\"https:\\\/\\\/integramedikal.com\\\/magaza\\\/shop\\\/\"},{\"@type\":\"ListItem\",\"position\":3,\"name\":\"Caretta Buggy\"}]},{\"@type\":\"WebSite\",\"@id\":\"https:\\\/\\\/integramedikal.com\\\/magaza\\\/#website\",\"url\":\"https:\\\/\\\/integramedikal.com\\\/magaza\\\/\",\"name\":\"\u0130ntegra Medikal < | | >Ma\u011faza\",\"description\":\"Sa\u011fl\u0131kta Kalite | Sekt\u00f6rde 25. Y\u0131l\",\"publisher\":{\"@id\":\"https:\\\/\\\/integramedikal.com\\\/magaza\\\/#organization\"},\"potentialAction\":[{\"@type\":\"SearchAction\",\"target\":{\"@type\":\"EntryPoint\",\"urlTemplate\":\"https:\\\/\\\/integramedikal.com\\\/magaza\\\/?s={search_term_string}\"},\"query-input\":{\"@type\":\"PropertyValueSpecification\",\"valueRequired\":true,\"valueName\":\"search_term_string\"}}],\"inLanguage\":\"tr\"},{\"@type\":\"Organization\",\"@id\":\"https:\\\/\\\/integramedikal.com\\\/magaza\\\/#organization\",\"name\":\"\u0130ntegra Medikal < | | >Ma\u011faza\",\"url\":\"https:\\\/\\\/integramedikal.com\\\/magaza\\\/\",\"logo\":{\"@type\":\"ImageObject\",\"inLanguage\":\"tr\",\"@id\":\"https:\\\/\\\/integramedikal.com\\\/magaza\\\/#\\\/schema\\\/logo\\\/image\\\/\",\"url\":\"https:\\\/\\\/integramedikal.com\\\/magaza\\\/wp-content\\\/uploads\\\/2025\\\/06\\\/integra-logo-1.png\",\"contentUrl\":\"https:\\\/\\\/integramedikal.com\\\/magaza\\\/wp-content\\\/uploads\\\/2025\\\/06\\\/integra-logo-1.png\",\"width\":340,\"height\":156,\"caption\":\"\u0130ntegra Medikal < | | >Ma\u011faza\"},\"image\":{\"@id\":\"https:\\\/\\\/integramedikal.com\\\/magaza\\\/#\\\/schema\\\/logo\\\/image\\\/\"},\"sameAs\":[\"https:\\\/\\\/www.facebook.com\\\/integramedikal1\",\"https:\\\/\\\/x.com\\\/integramedikal\",\"https:\\\/\\\/www.instagram.com\\\/integramedikal\\\/\",\"https:\\\/\\\/www.youtube.com\\\/user\\\/integramedikal\"]}]}<\/script>\n<!-- \/ Yoast SEO plugin. -->","yoast_head_json":{"title":"Caretta Buggy - \u0130ntegra Medikal | | Ma\u011faza","description":"Caretta Buggy, 130 cm ile 160 cm (4'3\" - 5'3\") aras\u0131ndaki \u00e7ocuk ve gen\u00e7lerin ta\u015f\u0131nmas\u0131 i\u00e7in tasarlanm\u0131\u015f Uyarlanabilir bir Bebek Arabas\u0131d\u0131r. Yard\u0131m almaks\u0131z\u0131n do\u011fru hareket edip oturma yetene\u011fi olmayan bireylerin g\u00fcnl\u00fck bak\u0131m\u0131n\u0131 kolayla\u015ft\u0131r\u0131r. Bu yeni arabay\u0131 tasarlarken; do\u011fru oturma pozisyonunun psikomotor geli\u015fimin uyar\u0131lmas\u0131 i\u00e7in hayati \u00f6nem ta\u015f\u0131d\u0131\u011f\u0131 ve a\u00e7\u0131k alanda rahat ve g\u00fcvenli hareket edebilmenin hem hastalar hem de bak\u0131c\u0131lar\u0131 \u00fczerinde b\u00fcy\u00fck olumlu etkiler yaratt\u0131\u011f\u0131 felsefesini g\u00f6z \u00f6n\u00fcnde bulundurduk. Caretta Buggy'nin kullan\u0131m\u0131 kolay ve her \u015feyden \u00f6nce ta\u015f\u0131ma s\u0131ras\u0131nda en iyi stabilizasyonu sa\u011flamas\u0131 i\u00e7in gereken t\u00fcm \u00f6zeni g\u00f6sterdik.","robots":{"index":"index","follow":"follow","max-snippet":"max-snippet:-1","max-image-preview":"max-image-preview:large","max-video-preview":"max-video-preview:-1"},"canonical":"https:\/\/integramedikal.com\/magaza\/urun\/caretta-buggy\/","og_locale":"tr_TR","og_type":"article","og_title":"Caretta Buggy - \u0130ntegra Medikal | | Ma\u011faza","og_description":"Caretta Buggy, 130 cm ile 160 cm (4'3\" - 5'3\") aras\u0131ndaki \u00e7ocuk ve gen\u00e7lerin ta\u015f\u0131nmas\u0131 i\u00e7in tasarlanm\u0131\u015f Uyarlanabilir bir Bebek Arabas\u0131d\u0131r. Yard\u0131m almaks\u0131z\u0131n do\u011fru hareket edip oturma yetene\u011fi olmayan bireylerin g\u00fcnl\u00fck bak\u0131m\u0131n\u0131 kolayla\u015ft\u0131r\u0131r. Bu yeni arabay\u0131 tasarlarken; do\u011fru oturma pozisyonunun psikomotor geli\u015fimin uyar\u0131lmas\u0131 i\u00e7in hayati \u00f6nem ta\u015f\u0131d\u0131\u011f\u0131 ve a\u00e7\u0131k alanda rahat ve g\u00fcvenli hareket edebilmenin hem hastalar hem de bak\u0131c\u0131lar\u0131 \u00fczerinde b\u00fcy\u00fck olumlu etkiler yaratt\u0131\u011f\u0131 felsefesini g\u00f6z \u00f6n\u00fcnde bulundurduk. Caretta Buggy'nin kullan\u0131m\u0131 kolay ve her \u015feyden \u00f6nce ta\u015f\u0131ma s\u0131ras\u0131nda en iyi stabilizasyonu sa\u011flamas\u0131 i\u00e7in gereken t\u00fcm \u00f6zeni g\u00f6sterdik.","og_url":"https:\/\/integramedikal.com\/magaza\/urun\/caretta-buggy\/","og_site_name":"\u0130ntegra Medikal | | Ma\u011faza","article_publisher":"https:\/\/www.facebook.com\/integramedikal1","article_modified_time":"2026-08-10T08:38:00+00:00","og_image":[{"width":1080,"height":1080,"url":"https:\/\/integramedikal.com\/magaza\/wp-content\/uploads\/2026\/08\/Caretta-Buggy.jpg","type":"image\/jpeg"}],"twitter_card":"summary_large_image","twitter_site":"@integramedikal","twitter_misc":{"Tahmini okuma s\u00fcresi":"4 dakika"},"schema":{"@context":"https:\/\/schema.org","@graph":[{"@type":"WebPage","@id":"https:\/\/integramedikal.com\/magaza\/urun\/caretta-buggy\/","url":"https:\/\/integramedikal.com\/magaza\/urun\/caretta-buggy\/","name":"Caretta Buggy - \u0130ntegra Medikal | | Ma\u011faza","isPartOf":{"@id":"https:\/\/integramedikal.com\/magaza\/#website"},"primaryImageOfPage":{"@id":"https:\/\/integramedikal.com\/magaza\/urun\/caretta-buggy\/#primaryimage"},"image":{"@id":"https:\/\/integramedikal.com\/magaza\/urun\/caretta-buggy\/#primaryimage"},"thumbnailUrl":"https:\/\/integramedikal.com\/magaza\/wp-content\/uploads\/2026\/08\/Caretta-Buggy.jpg","datePublished":"2026-08-10T08:27:57+00:00","dateModified":"2026-08-10T08:38:00+00:00","description":"Caretta Buggy, 130 cm ile 160 cm (4'3\" - 5'3\") aras\u0131ndaki \u00e7ocuk ve gen\u00e7lerin ta\u015f\u0131nmas\u0131 i\u00e7in tasarlanm\u0131\u015f Uyarlanabilir bir Bebek Arabas\u0131d\u0131r. Yard\u0131m almaks\u0131z\u0131n do\u011fru hareket edip oturma yetene\u011fi olmayan bireylerin g\u00fcnl\u00fck bak\u0131m\u0131n\u0131 kolayla\u015ft\u0131r\u0131r. Bu yeni arabay\u0131 tasarlarken; do\u011fru oturma pozisyonunun psikomotor geli\u015fimin uyar\u0131lmas\u0131 i\u00e7in hayati \u00f6nem ta\u015f\u0131d\u0131\u011f\u0131 ve a\u00e7\u0131k alanda rahat ve g\u00fcvenli hareket edebilmenin hem hastalar hem de bak\u0131c\u0131lar\u0131 \u00fczerinde b\u00fcy\u00fck olumlu etkiler yaratt\u0131\u011f\u0131 felsefesini g\u00f6z \u00f6n\u00fcnde bulundurduk. Caretta Buggy'nin kullan\u0131m\u0131 kolay ve her \u015feyden \u00f6nce ta\u015f\u0131ma s\u0131ras\u0131nda en iyi stabilizasyonu sa\u011flamas\u0131 i\u00e7in gereken t\u00fcm \u00f6zeni g\u00f6sterdik.","breadcrumb":{"@id":"https:\/\/integramedikal.com\/magaza\/urun\/caretta-buggy\/#breadcrumb"},"inLanguage":"tr","potentialAction":[{"@type":"ReadAction","target":["https:\/\/integramedikal.com\/magaza\/urun\/caretta-buggy\/"]}]},{"@type":"ImageObject","inLanguage":"tr","@id":"https:\/\/integramedikal.com\/magaza\/urun\/caretta-buggy\/#primaryimage","url":"https:\/\/integramedikal.com\/magaza\/wp-content\/uploads\/2026\/08\/Caretta-Buggy.jpg","contentUrl":"https:\/\/integramedikal.com\/magaza\/wp-content\/uploads\/2026\/08\/Caretta-Buggy.jpg","width":1080,"height":1080},{"@type":"BreadcrumbList","@id":"https:\/\/integramedikal.com\/magaza\/urun\/caretta-buggy\/#breadcrumb","itemListElement":[{"@type":"ListItem","position":1,"name":"Anasayfa","item":"https:\/\/integramedikal.com\/magaza\/anasayfa\/"},{"@type":"ListItem","position":2,"name":"Shop","item":"https:\/\/integramedikal.com\/magaza\/shop\/"},{"@type":"ListItem","position":3,"name":"Caretta Buggy"}]},{"@type":"WebSite","@id":"https:\/\/integramedikal.com\/magaza\/#website","url":"https:\/\/integramedikal.com\/magaza\/","name":"\u0130ntegra Medikal < | | >Ma\u011faza","description":"Sa\u011fl\u0131kta Kalite | Sekt\u00f6rde 25. Y\u0131l","publisher":{"@id":"https:\/\/integramedikal.com\/magaza\/#organization"},"potentialAction":[{"@type":"SearchAction","target":{"@type":"EntryPoint","urlTemplate":"https:\/\/integramedikal.com\/magaza\/?s={search_term_string}"},"query-input":{"@type":"PropertyValueSpecification","valueRequired":true,"valueName":"search_term_string"}}],"inLanguage":"tr"},{"@type":"Organization","@id":"https:\/\/integramedikal.com\/magaza\/#organization","name":"\u0130ntegra Medikal < | | >Ma\u011faza","url":"https:\/\/integramedikal.com\/magaza\/","logo":{"@type":"ImageObject","inLanguage":"tr","@id":"https:\/\/integramedikal.com\/magaza\/#\/schema\/logo\/image\/","url":"https:\/\/integramedikal.com\/magaza\/wp-content\/uploads\/2025\/06\/integra-logo-1.png","contentUrl":"https:\/\/integramedikal.com\/magaza\/wp-content\/uploads\/2025\/06\/integra-logo-1.png","width":340,"height":156,"caption":"\u0130ntegra Medikal < | | >Ma\u011faza"},"image":{"@id":"https:\/\/integramedikal.com\/magaza\/#\/schema\/logo\/image\/"},"sameAs":["https:\/\/www.facebook.com\/integramedikal1","https:\/\/x.com\/integramedikal","https:\/\/www.instagram.com\/integramedikal\/","https:\/\/www.youtube.com\/user\/integramedikal"]}]}},"_links":{"self":[{"href":"https:\/\/integramedikal.com\/magaza\/wp-json\/wp\/v2\/product\/6876","targetHints":{"allow":["GET"]}}],"collection":[{"href":"https:\/\/integramedikal.com\/magaza\/wp-json\/wp\/v2\/product"}],"about":[{"href":"https:\/\/integramedikal.com\/magaza\/wp-json\/wp\/v2\/types\/product"}],"replies":[{"embeddable":true,"href":"https:\/\/integramedikal.com\/magaza\/wp-json\/wp\/v2\/comments?post=6876"}],"wp:featuredmedia":[{"embeddable":true,"href":"https:\/\/integramedikal.com\/magaza\/wp-json\/wp\/v2\/media\/6877"}],"wp:attachment":[{"href":"https:\/\/integramedikal.com\/magaza\/wp-json\/wp\/v2\/media?parent=6876"}],"wp:term":[{"taxonomy":"product_brand","embeddable":true,"href":"https:\/\/integramedikal.com\/magaza\/wp-json\/wp\/v2\/product_brand?post=6876"},{"taxonomy":"product_cat","embeddable":true,"href":"https:\/\/integramedikal.com\/magaza\/wp-json\/wp\/v2\/product_cat?post=6876"},{"taxonomy":"product_tag","embeddable":true,"href":"https:\/\/integramedikal.com\/magaza\/wp-json\/wp\/v2\/product_tag?post=6876"}],"curies":[{"name":"wp","href":"https:\/\/api.w.org\/{rel}","templated":true}]}}