{"id":1559,"date":"2025-06-02T23:22:14","date_gmt":"2025-06-02T20:22:14","guid":{"rendered":"https:\/\/integramedikal.com\/magaza\/?post_type=product&#038;p=1559"},"modified":"2026-05-08T15:29:52","modified_gmt":"2026-05-08T12:29:52","slug":"reha-2-havali-minder","status":"publish","type":"product","link":"https:\/\/integramedikal.com\/magaza\/urun\/reha-2-havali-minder\/","title":{"rendered":"REHA-2 Haval\u0131 Minder"},"content":{"rendered":"<div>Tekerlekli sandalye kullanan bireylerin konforunu ve refah\u0131n\u0131 art\u0131rmak i\u00e7in \u00f6zel olarak tasarlanm\u0131\u015f devrim niteli\u011finde bir \u00e7\u00f6z\u00fcm olan Reha 2 Hava Yast\u0131\u011f\u0131&#8217;n\u0131 ke\u015ffedin. Uzun s\u00fcre oturanlar\u0131n kar\u015f\u0131la\u015ft\u0131\u011f\u0131 zorluklar\u0131n fark\u0131nda olan bu \u00fcr\u00fcn, engelli toplulu\u011funa hizmet veren i\u015fletmelerin sofistike taleplerini kar\u015f\u0131lamay\u0131 ama\u00e7layan B2B sekt\u00f6r\u00fcnde hayati bir aksesuar olarak ortaya \u00e7\u0131k\u0131yor.<\/div>\n<div><\/div>\n<div>Reha 2 Hava Yast\u0131\u011f\u0131, kuyruk kemi\u011fi rahats\u0131zl\u0131\u011f\u0131, bel stresi ve siyatik sinir a\u011fr\u0131s\u0131 gibi kritik a\u011fr\u0131 noktalar\u0131n\u0131 hedefleyerek i\u015flevselli\u011fi ve rahatlamay\u0131 \u00f6zetler. Dayan\u0131kl\u0131 kau\u00e7uktan \u00fcretilen bu tekerlekli sandalye minderi, yaln\u0131zca s\u00fcrekli oturman\u0131n istenmeyen etkilerini azaltmakla kalmaz, ayn\u0131 zamanda yayg\u0131n terleme sorununu da azaltarak daha keyifli bir kullan\u0131c\u0131 deneyimi sa\u011flar.<\/div>\n<div><\/div>\n<div><b>Ergonomik Tasar\u0131m En \u00dcst D\u00fczey Konforla Bulu\u015fuyor<\/b><\/div>\n<div><b><br \/><\/b><\/div>\n<div>Reha 2 Hava Yast\u0131\u011f\u0131m\u0131za, sa\u011flam g\u00f6vde yap\u0131s\u0131 ve benzersiz ekonomik de\u011feri konusunda size g\u00fcvence veren iki tam y\u0131ll\u0131k bir garanti e\u015flik eder. Uzun s\u00fcreli oturma gerektiren ki\u015filer i\u00e7in konfor \u00e7ok \u00f6nemli oldu\u011fundan, \u00fcr\u00fcn\u00fcm\u00fcz dejeneratif disk hastal\u0131\u011f\u0131ndan kas s\u0131k\u0131\u015fmas\u0131na kadar \u00e7ok \u00e7e\u015fitli rahats\u0131zl\u0131klara hitap eden bir dizi semptomu hafifletmek i\u00e7in ustal\u0131kla tasarlanm\u0131\u015ft\u0131r. Bu minder ile konfor sadece bir l\u00fcks de\u011fil; Bu bir garantidir.<\/div>\n<div><\/div>\n<div>Ek olarak, Reha 2 Hava Yast\u0131\u011f\u0131, \u00e7e\u015fitli kullan\u0131c\u0131lar aras\u0131nda kan\u0131tlanm\u0131\u015f etkinli\u011finin ve memnuniyet seviyelerinin bir g\u00f6stergesi olarak, kullan\u0131c\u0131 taraf\u0131ndan \u00f6nerilen bir tekerlekli sandalye minderi olarak \u00f6ne \u00e7\u0131k\u0131yor. Bu \u00fcr\u00fcn\u00fcn hafif yap\u0131s\u0131, deste\u011finin sa\u011flaml\u0131\u011f\u0131ndan \u00f6d\u00fcn vermeden kolayca ta\u015f\u0131nabilmesini ve ta\u015f\u0131nabilmesini sa\u011flayan ek bir avantaj olarak hizmet eder.<\/div>\n<div><\/div>\n<div><b>Kalite ve Uygunlu\u011fa Adanm\u0131\u015f<\/b><\/div>\n<div><b><br \/><\/b><\/div>\n<div>Bu emtialara s\u0131kl\u0131kla ihtiya\u00e7 duyulmas\u0131n\u0131n aciliyetini anlayarak, m\u00fc\u015fterilerimizin g\u00fcnl\u00fck ya\u015famlar\u0131nda \u00f6nemli aksakl\u0131klarla kar\u015f\u0131la\u015fmamalar\u0131n\u0131 sa\u011flayarak h\u0131zl\u0131 sevkiyat sunmaktan gurur duyuyoruz. \u0130\u015fletmeler art\u0131k m\u00fc\u015fterilerini her zamankinden daha verimli bir \u015fekilde destekleme f\u0131rsat\u0131na sahipler ve Reha 2 Hava Yast\u0131\u011f\u0131, son kullan\u0131c\u0131n\u0131n g\u00fcnl\u00fck deneyimini \u00f6nemli \u00f6l\u00e7\u00fcde geli\u015ftirmekten sadece bir sipari\u015f uzakta.<\/div>\n<div><\/div>\n<div>Kullan\u0131c\u0131n\u0131n rahatl\u0131\u011f\u0131n\u0131 daha da zenginle\u015ftirmek i\u00e7in, her bir Reha 2 Hava Yast\u0131\u011f\u0131 kendi pompas\u0131 ile paketlenmi\u015ftir ve kullan\u0131c\u0131n\u0131n tercihine ve konfor seviyesine g\u00f6re kolay \u015fi\u015firme veya s\u00f6nd\u00fcrme i\u015flemini kolayla\u015ft\u0131r\u0131r. Bu \u00f6zerklik, kullan\u0131c\u0131n\u0131n istedi\u011fi sertlik seviyesine ula\u015fmas\u0131n\u0131 sa\u011flar, optimum oturma duru\u015funu te\u015fvik eder ve rahats\u0131zl\u0131k potansiyelini azalt\u0131r.<\/div>\n<div><\/div>\n<p><div  id=\"btn_klavuz\"  class='avia-button-wrap av-av_button-439beb78e0c64ed241ba5f8d4fa1abba-wrap avia-button-left  avia-builder-el-0  el_before_av_button  avia-builder-el-first '><a href='https:\/\/www.integramedikal.com\/magaza\/upload\/kilavuz\/66-reha-2-havali-minder.pdf'  class='avia-button av-av_button-439beb78e0c64ed241ba5f8d4fa1abba av-link-btn avia-icon_select-yes-left-icon avia-size-medium avia-position-left avia-color-theme-color-highlight'  target=\"_blank\"  rel=\"noopener noreferrer\"  aria-label=\"Kullan\u0131m K\u0131lavuzu\"><span class='avia_button_icon avia_button_icon_left avia-svg-icon avia-font-svg_entypo-fontello' data-av_svg_icon='book-open' data-av_iconset='svg_entypo-fontello'><svg version=\"1.1\" xmlns=\"http:\/\/www.w3.org\/2000\/svg\" width=\"29\" height=\"32\" viewBox=\"0 0 29 32\" preserveAspectRatio=\"xMidYMid meet\" aria-labelledby='av-svg-title-1' aria-describedby='av-svg-desc-1' role=\"graphics-symbol\">\n<title id='av-svg-title-1'>Book-open<\/title>\n<desc id='av-svg-desc-1'>Book-open<\/desc>\n<path d=\"M10.88 19.584v2.176l-6.4-2.56v-2.176zM10.88 12.928v2.176l-6.4-2.56v-2.176zM28.096 1.856q0.704 0.384 0.704 1.344v20.48q0 1.088-1.024 1.472l-12.736 5.12q-0.256 0.064-0.32 0.064t-0.16 0.032-0.16 0.032-0.16-0.032-0.16-0.032l-0.32-0.064-12.736-5.12q-1.024-0.384-1.024-1.472v-20.48q0-0.96 0.704-1.344 0.704-0.512 1.472-0.192l12.224 4.928 12.224-4.928q0.768-0.32 1.472 0.192zM12.8 27.072v-17.92l-10.24-4.096v17.92zM26.24 22.976v-17.92l-10.24 4.096v17.92zM24.32 17.024v2.176l-6.4 2.56v-2.176zM24.32 10.368v2.176l-6.4 2.56v-2.176z\"><\/path>\n<\/svg><\/span><span class='avia_iconbox_title' >Kullan\u0131m K\u0131lavuzu<\/span><\/a><\/div> <div  id=\"btn_teknikbilgi\"  class='avia-button-wrap av-av_button-e069d87ec5d6298b9b6c476e2dc5aa4e-wrap avia-button-left  avia-builder-el-1  el_after_av_button  avia-builder-el-last '><a href='javascript:void(0);'  class='avia-button av-av_button-e069d87ec5d6298b9b6c476e2dc5aa4e av-link-btn avia-icon_select-yes-left-icon avia-size-medium avia-position-left avia-color-theme-color-highlight'   aria-label=\"Teknik Bilgi\"><span class='avia_button_icon avia_button_icon_left avia-svg-icon avia-font-svg_entypo-fontello' data-av_svg_icon='cog' data-av_iconset='svg_entypo-fontello'><svg version=\"1.1\" xmlns=\"http:\/\/www.w3.org\/2000\/svg\" width=\"27\" height=\"32\" viewBox=\"0 0 27 32\" preserveAspectRatio=\"xMidYMid meet\" aria-labelledby='av-svg-title-2' aria-describedby='av-svg-desc-2' role=\"graphics-symbol\">\n<title id='av-svg-title-2'>Cog<\/title>\n<desc id='av-svg-desc-2'>Cog<\/desc>\n<path d=\"M24.32 16q0 2.304 2.56 3.904-0.384 1.28-1.088 2.624-2.24-0.576-4.352 1.408-1.728 1.856-1.088 4.352-1.28 0.64-2.688 1.152-1.472-2.624-4.224-2.624t-4.224 2.624q-1.408-0.512-2.688-1.152 0.64-2.56-1.088-4.352-1.728-1.728-4.352-1.088-0.448-0.832-1.088-2.624 2.624-1.664 2.624-4.224 0-2.304-2.624-3.968 0.64-1.792 1.088-2.624 2.368 0.576 4.352-1.408 1.728-1.792 1.088-4.352 1.344-0.704 2.688-1.088 1.472 2.56 4.224 2.56t4.224-2.56q1.344 0.384 2.688 1.088-0.64 2.496 1.088 4.352 2.112 1.984 4.352 1.408 0.704 1.344 1.088 2.624-2.56 1.6-2.56 3.968zM13.44 21.824q2.432 0 4.128-1.696t1.696-4.128-1.696-4.16-4.128-1.728-4.128 1.728-1.696 4.16 1.696 4.128 4.128 1.696z\"><\/path>\n<\/svg><\/span><span class='avia_iconbox_title' >Teknik Bilgi<\/span><\/a><\/div><\/p>\n","protected":false},"excerpt":{"rendered":"<p>Tekerlekli sandalye kullanan bireylerin konforunu ve refah\u0131n\u0131 art\u0131rmak i\u00e7in \u00f6zel olarak tasarlanm\u0131\u015f devrim niteli\u011finde bir \u00e7\u00f6z\u00fcm olan Reha 2 Hava Yast\u0131\u011f\u0131&#8217;n\u0131 ke\u015ffedin. Uzun s\u00fcre oturanlar\u0131n kar\u015f\u0131la\u015ft\u0131\u011f\u0131 zorluklar\u0131n fark\u0131nda olan bu \u00fcr\u00fcn, engelli toplulu\u011funa hizmet veren i\u015fletmelerin sofistike taleplerini kar\u015f\u0131lamay\u0131 ama\u00e7layan B2B sekt\u00f6r\u00fcnde hayati bir aksesuar olarak ortaya \u00e7\u0131k\u0131yor. Reha 2 Hava Yast\u0131\u011f\u0131, kuyruk kemi\u011fi rahats\u0131zl\u0131\u011f\u0131, [&hellip;]<\/p>\n","protected":false},"featured_media":1639,"comment_status":"open","ping_status":"closed","template":"","meta":[],"product_brand":[],"product_cat":[302],"product_tag":[],"class_list":["post-1559","product","type-product","status-publish","has-post-thumbnail","product_cat-akulu-tekerlekli-sandalye","first","instock","sale","taxable","shipping-taxable","purchasable","product-type-simple"],"yoast_head":"<!-- This site is optimized with the Yoast SEO plugin v28.3 - https:\/\/yoast.com\/product\/yoast-seo-wordpress\/ -->\n<title>REHA-2 Haval\u0131 Minder - \u0130ntegra Medikal | | Ma\u011faza<\/title>\n<meta name=\"robots\" content=\"index, follow, max-snippet:-1, max-image-preview:large, max-video-preview:-1\" \/>\n<link rel=\"canonical\" href=\"https:\/\/integramedikal.com\/magaza\/urun\/reha-2-havali-minder\/\" \/>\n<meta property=\"og:locale\" content=\"tr_TR\" \/>\n<meta property=\"og:type\" content=\"article\" \/>\n<meta property=\"og:title\" content=\"REHA-2 Haval\u0131 Minder - \u0130ntegra Medikal | | Ma\u011faza\" \/>\n<meta property=\"og:description\" content=\"Tekerlekli sandalye kullanan bireylerin konforunu ve refah\u0131n\u0131 art\u0131rmak i\u00e7in \u00f6zel olarak tasarlanm\u0131\u015f devrim niteli\u011finde bir \u00e7\u00f6z\u00fcm olan Reha 2 Hava Yast\u0131\u011f\u0131&#8217;n\u0131 ke\u015ffedin. Uzun s\u00fcre oturanlar\u0131n kar\u015f\u0131la\u015ft\u0131\u011f\u0131 zorluklar\u0131n fark\u0131nda olan bu \u00fcr\u00fcn, engelli toplulu\u011funa hizmet veren i\u015fletmelerin sofistike taleplerini kar\u015f\u0131lamay\u0131 ama\u00e7layan B2B sekt\u00f6r\u00fcnde hayati bir aksesuar olarak ortaya \u00e7\u0131k\u0131yor. Reha 2 Hava Yast\u0131\u011f\u0131, kuyruk kemi\u011fi rahats\u0131zl\u0131\u011f\u0131, [&hellip;]\" \/>\n<meta property=\"og:url\" content=\"https:\/\/integramedikal.com\/magaza\/urun\/reha-2-havali-minder\/\" \/>\n<meta property=\"og:site_name\" content=\"\u0130ntegra Medikal | | Ma\u011faza\" \/>\n<meta property=\"article:publisher\" content=\"https:\/\/www.facebook.com\/integramedikal1\" \/>\n<meta property=\"article:modified_time\" content=\"2026-05-08T12:29:52+00:00\" \/>\n<meta property=\"og:image\" content=\"https:\/\/integramedikal.com\/magaza\/wp-content\/uploads\/2025\/06\/DHFD8.jpg\" \/>\n\t<meta property=\"og:image:width\" content=\"900\" \/>\n\t<meta property=\"og:image:height\" content=\"900\" \/>\n\t<meta property=\"og:image:type\" content=\"image\/jpeg\" \/>\n<meta name=\"twitter:card\" content=\"summary_large_image\" \/>\n<meta name=\"twitter:site\" content=\"@integramedikal\" \/>\n<meta name=\"twitter:label1\" content=\"Tahmini okuma s\u00fcresi\" \/>\n\t<meta name=\"twitter:data1\" content=\"3 dakika\" \/>\n<script type=\"application\/ld+json\" class=\"yoast-schema-graph\">{\"@context\":\"https:\\\/\\\/schema.org\",\"@graph\":[{\"@type\":\"WebPage\",\"@id\":\"https:\\\/\\\/integramedikal.com\\\/magaza\\\/urun\\\/reha-2-havali-minder\\\/\",\"url\":\"https:\\\/\\\/integramedikal.com\\\/magaza\\\/urun\\\/reha-2-havali-minder\\\/\",\"name\":\"REHA-2 Haval\u0131 Minder - \u0130ntegra Medikal | | Ma\u011faza\",\"isPartOf\":{\"@id\":\"https:\\\/\\\/integramedikal.com\\\/magaza\\\/#website\"},\"primaryImageOfPage\":{\"@id\":\"https:\\\/\\\/integramedikal.com\\\/magaza\\\/urun\\\/reha-2-havali-minder\\\/#primaryimage\"},\"image\":{\"@id\":\"https:\\\/\\\/integramedikal.com\\\/magaza\\\/urun\\\/reha-2-havali-minder\\\/#primaryimage\"},\"thumbnailUrl\":\"https:\\\/\\\/integramedikal.com\\\/magaza\\\/wp-content\\\/uploads\\\/2025\\\/06\\\/DHFD8.jpg\",\"datePublished\":\"2025-06-02T20:22:14+00:00\",\"dateModified\":\"2026-05-08T12:29:52+00:00\",\"breadcrumb\":{\"@id\":\"https:\\\/\\\/integramedikal.com\\\/magaza\\\/urun\\\/reha-2-havali-minder\\\/#breadcrumb\"},\"inLanguage\":\"tr\",\"potentialAction\":[{\"@type\":\"ReadAction\",\"target\":[\"https:\\\/\\\/integramedikal.com\\\/magaza\\\/urun\\\/reha-2-havali-minder\\\/\"]}]},{\"@type\":\"ImageObject\",\"inLanguage\":\"tr\",\"@id\":\"https:\\\/\\\/integramedikal.com\\\/magaza\\\/urun\\\/reha-2-havali-minder\\\/#primaryimage\",\"url\":\"https:\\\/\\\/integramedikal.com\\\/magaza\\\/wp-content\\\/uploads\\\/2025\\\/06\\\/DHFD8.jpg\",\"contentUrl\":\"https:\\\/\\\/integramedikal.com\\\/magaza\\\/wp-content\\\/uploads\\\/2025\\\/06\\\/DHFD8.jpg\",\"width\":900,\"height\":900},{\"@type\":\"BreadcrumbList\",\"@id\":\"https:\\\/\\\/integramedikal.com\\\/magaza\\\/urun\\\/reha-2-havali-minder\\\/#breadcrumb\",\"itemListElement\":[{\"@type\":\"ListItem\",\"position\":1,\"name\":\"Anasayfa\",\"item\":\"https:\\\/\\\/integramedikal.com\\\/magaza\\\/anasayfa\\\/\"},{\"@type\":\"ListItem\",\"position\":2,\"name\":\"Shop\",\"item\":\"https:\\\/\\\/integramedikal.com\\\/magaza\\\/shop\\\/\"},{\"@type\":\"ListItem\",\"position\":3,\"name\":\"REHA-2 Haval\u0131 Minder\"}]},{\"@type\":\"WebSite\",\"@id\":\"https:\\\/\\\/integramedikal.com\\\/magaza\\\/#website\",\"url\":\"https:\\\/\\\/integramedikal.com\\\/magaza\\\/\",\"name\":\"\u0130ntegra Medikal < | | >Ma\u011faza\",\"description\":\"Sa\u011fl\u0131kta Kalite | Sekt\u00f6rde 25. Y\u0131l\",\"publisher\":{\"@id\":\"https:\\\/\\\/integramedikal.com\\\/magaza\\\/#organization\"},\"potentialAction\":[{\"@type\":\"SearchAction\",\"target\":{\"@type\":\"EntryPoint\",\"urlTemplate\":\"https:\\\/\\\/integramedikal.com\\\/magaza\\\/?s={search_term_string}\"},\"query-input\":{\"@type\":\"PropertyValueSpecification\",\"valueRequired\":true,\"valueName\":\"search_term_string\"}}],\"inLanguage\":\"tr\"},{\"@type\":\"Organization\",\"@id\":\"https:\\\/\\\/integramedikal.com\\\/magaza\\\/#organization\",\"name\":\"\u0130ntegra Medikal < | | >Ma\u011faza\",\"url\":\"https:\\\/\\\/integramedikal.com\\\/magaza\\\/\",\"logo\":{\"@type\":\"ImageObject\",\"inLanguage\":\"tr\",\"@id\":\"https:\\\/\\\/integramedikal.com\\\/magaza\\\/#\\\/schema\\\/logo\\\/image\\\/\",\"url\":\"https:\\\/\\\/integramedikal.com\\\/magaza\\\/wp-content\\\/uploads\\\/2025\\\/06\\\/integra-logo-1.png\",\"contentUrl\":\"https:\\\/\\\/integramedikal.com\\\/magaza\\\/wp-content\\\/uploads\\\/2025\\\/06\\\/integra-logo-1.png\",\"width\":340,\"height\":156,\"caption\":\"\u0130ntegra Medikal < | | >Ma\u011faza\"},\"image\":{\"@id\":\"https:\\\/\\\/integramedikal.com\\\/magaza\\\/#\\\/schema\\\/logo\\\/image\\\/\"},\"sameAs\":[\"https:\\\/\\\/www.facebook.com\\\/integramedikal1\",\"https:\\\/\\\/x.com\\\/integramedikal\",\"https:\\\/\\\/www.instagram.com\\\/integramedikal\\\/\",\"https:\\\/\\\/www.youtube.com\\\/user\\\/integramedikal\"]}]}<\/script>\n<!-- \/ Yoast SEO plugin. -->","yoast_head_json":{"title":"REHA-2 Haval\u0131 Minder - \u0130ntegra Medikal | | Ma\u011faza","robots":{"index":"index","follow":"follow","max-snippet":"max-snippet:-1","max-image-preview":"max-image-preview:large","max-video-preview":"max-video-preview:-1"},"canonical":"https:\/\/integramedikal.com\/magaza\/urun\/reha-2-havali-minder\/","og_locale":"tr_TR","og_type":"article","og_title":"REHA-2 Haval\u0131 Minder - \u0130ntegra Medikal | | Ma\u011faza","og_description":"Tekerlekli sandalye kullanan bireylerin konforunu ve refah\u0131n\u0131 art\u0131rmak i\u00e7in \u00f6zel olarak tasarlanm\u0131\u015f devrim niteli\u011finde bir \u00e7\u00f6z\u00fcm olan Reha 2 Hava Yast\u0131\u011f\u0131&#8217;n\u0131 ke\u015ffedin. Uzun s\u00fcre oturanlar\u0131n kar\u015f\u0131la\u015ft\u0131\u011f\u0131 zorluklar\u0131n fark\u0131nda olan bu \u00fcr\u00fcn, engelli toplulu\u011funa hizmet veren i\u015fletmelerin sofistike taleplerini kar\u015f\u0131lamay\u0131 ama\u00e7layan B2B sekt\u00f6r\u00fcnde hayati bir aksesuar olarak ortaya \u00e7\u0131k\u0131yor. Reha 2 Hava Yast\u0131\u011f\u0131, kuyruk kemi\u011fi rahats\u0131zl\u0131\u011f\u0131, [&hellip;]","og_url":"https:\/\/integramedikal.com\/magaza\/urun\/reha-2-havali-minder\/","og_site_name":"\u0130ntegra Medikal | | Ma\u011faza","article_publisher":"https:\/\/www.facebook.com\/integramedikal1","article_modified_time":"2026-05-08T12:29:52+00:00","og_image":[{"width":900,"height":900,"url":"https:\/\/integramedikal.com\/magaza\/wp-content\/uploads\/2025\/06\/DHFD8.jpg","type":"image\/jpeg"}],"twitter_card":"summary_large_image","twitter_site":"@integramedikal","twitter_misc":{"Tahmini okuma s\u00fcresi":"3 dakika"},"schema":{"@context":"https:\/\/schema.org","@graph":[{"@type":"WebPage","@id":"https:\/\/integramedikal.com\/magaza\/urun\/reha-2-havali-minder\/","url":"https:\/\/integramedikal.com\/magaza\/urun\/reha-2-havali-minder\/","name":"REHA-2 Haval\u0131 Minder - \u0130ntegra Medikal | | Ma\u011faza","isPartOf":{"@id":"https:\/\/integramedikal.com\/magaza\/#website"},"primaryImageOfPage":{"@id":"https:\/\/integramedikal.com\/magaza\/urun\/reha-2-havali-minder\/#primaryimage"},"image":{"@id":"https:\/\/integramedikal.com\/magaza\/urun\/reha-2-havali-minder\/#primaryimage"},"thumbnailUrl":"https:\/\/integramedikal.com\/magaza\/wp-content\/uploads\/2025\/06\/DHFD8.jpg","datePublished":"2025-06-02T20:22:14+00:00","dateModified":"2026-05-08T12:29:52+00:00","breadcrumb":{"@id":"https:\/\/integramedikal.com\/magaza\/urun\/reha-2-havali-minder\/#breadcrumb"},"inLanguage":"tr","potentialAction":[{"@type":"ReadAction","target":["https:\/\/integramedikal.com\/magaza\/urun\/reha-2-havali-minder\/"]}]},{"@type":"ImageObject","inLanguage":"tr","@id":"https:\/\/integramedikal.com\/magaza\/urun\/reha-2-havali-minder\/#primaryimage","url":"https:\/\/integramedikal.com\/magaza\/wp-content\/uploads\/2025\/06\/DHFD8.jpg","contentUrl":"https:\/\/integramedikal.com\/magaza\/wp-content\/uploads\/2025\/06\/DHFD8.jpg","width":900,"height":900},{"@type":"BreadcrumbList","@id":"https:\/\/integramedikal.com\/magaza\/urun\/reha-2-havali-minder\/#breadcrumb","itemListElement":[{"@type":"ListItem","position":1,"name":"Anasayfa","item":"https:\/\/integramedikal.com\/magaza\/anasayfa\/"},{"@type":"ListItem","position":2,"name":"Shop","item":"https:\/\/integramedikal.com\/magaza\/shop\/"},{"@type":"ListItem","position":3,"name":"REHA-2 Haval\u0131 Minder"}]},{"@type":"WebSite","@id":"https:\/\/integramedikal.com\/magaza\/#website","url":"https:\/\/integramedikal.com\/magaza\/","name":"\u0130ntegra Medikal < | | >Ma\u011faza","description":"Sa\u011fl\u0131kta Kalite | Sekt\u00f6rde 25. Y\u0131l","publisher":{"@id":"https:\/\/integramedikal.com\/magaza\/#organization"},"potentialAction":[{"@type":"SearchAction","target":{"@type":"EntryPoint","urlTemplate":"https:\/\/integramedikal.com\/magaza\/?s={search_term_string}"},"query-input":{"@type":"PropertyValueSpecification","valueRequired":true,"valueName":"search_term_string"}}],"inLanguage":"tr"},{"@type":"Organization","@id":"https:\/\/integramedikal.com\/magaza\/#organization","name":"\u0130ntegra Medikal < | | >Ma\u011faza","url":"https:\/\/integramedikal.com\/magaza\/","logo":{"@type":"ImageObject","inLanguage":"tr","@id":"https:\/\/integramedikal.com\/magaza\/#\/schema\/logo\/image\/","url":"https:\/\/integramedikal.com\/magaza\/wp-content\/uploads\/2025\/06\/integra-logo-1.png","contentUrl":"https:\/\/integramedikal.com\/magaza\/wp-content\/uploads\/2025\/06\/integra-logo-1.png","width":340,"height":156,"caption":"\u0130ntegra Medikal < | | >Ma\u011faza"},"image":{"@id":"https:\/\/integramedikal.com\/magaza\/#\/schema\/logo\/image\/"},"sameAs":["https:\/\/www.facebook.com\/integramedikal1","https:\/\/x.com\/integramedikal","https:\/\/www.instagram.com\/integramedikal\/","https:\/\/www.youtube.com\/user\/integramedikal"]}]}},"_links":{"self":[{"href":"https:\/\/integramedikal.com\/magaza\/wp-json\/wp\/v2\/product\/1559","targetHints":{"allow":["GET"]}}],"collection":[{"href":"https:\/\/integramedikal.com\/magaza\/wp-json\/wp\/v2\/product"}],"about":[{"href":"https:\/\/integramedikal.com\/magaza\/wp-json\/wp\/v2\/types\/product"}],"replies":[{"embeddable":true,"href":"https:\/\/integramedikal.com\/magaza\/wp-json\/wp\/v2\/comments?post=1559"}],"wp:featuredmedia":[{"embeddable":true,"href":"https:\/\/integramedikal.com\/magaza\/wp-json\/wp\/v2\/media\/1639"}],"wp:attachment":[{"href":"https:\/\/integramedikal.com\/magaza\/wp-json\/wp\/v2\/media?parent=1559"}],"wp:term":[{"taxonomy":"product_brand","embeddable":true,"href":"https:\/\/integramedikal.com\/magaza\/wp-json\/wp\/v2\/product_brand?post=1559"},{"taxonomy":"product_cat","embeddable":true,"href":"https:\/\/integramedikal.com\/magaza\/wp-json\/wp\/v2\/product_cat?post=1559"},{"taxonomy":"product_tag","embeddable":true,"href":"https:\/\/integramedikal.com\/magaza\/wp-json\/wp\/v2\/product_tag?post=1559"}],"curies":[{"name":"wp","href":"https:\/\/api.w.org\/{rel}","templated":true}]}}